{"id":3,"date":"2020-04-08T13:00:00","date_gmt":"2020-04-08T13:00:00","guid":{"rendered":"https:\/\/relaunch.odeonfiction.com\/?page_id=3"},"modified":"2021-12-09T16:35:20","modified_gmt":"2021-12-09T16:35:20","slug":"datenschutz","status":"publish","type":"page","link":"https:\/\/www.odeonfiction.com\/en\/datenschutz\/","title":{"rendered":"Datenschutz"},"content":{"rendered":"<!-- wp heading --><\/p>\n<p><b>Datenschutzerkl\u00e4rung<\/b><\/p>\n<p><strong>I. Name und Anschrift des Verantwortlichen<\/strong><\/p>\n<p>Der Verantwortliche im Sinne der Datenschutz-Grundverordnung und anderer nationaler Datenschutzgesetze der Mitgliedstaaten sowie sonstiger datenschutzrechtlicher Bestimmungen ist die:<\/p>\n<p>Odeon Fiction GmbH<br \/>\nTaunusstra\u00dfe 21<br \/>\n80807 M\u00fcnchen<br \/>\nDeutschland<\/p>\n<p>Tel.: +49 (0)89 999 513 &#8211; 500<\/p>\n<p>Email: mail@odeonfiction.com<\/p>\n<p>Webseite: www.odeonfiction.com<\/p>\n<p><strong>II. Name und Anschrift des Datenschutzbeauftragten<\/strong><\/p>\n<p>Der externe Datenschutzbeauftragte des Verantwortlichen ist:<\/p>\n<p>Dr. Robert Stra\u00dfer<br \/>\nSVDFJ Rechtsanw\u00e4lte<br \/>\nOberanger 30<br \/>\n80331 M\u00fcnchen<br \/>\n<a href=\"mailto:datenschutz@odeonfiction.com\">datenschutz@odeonfiction.com<\/a><\/p>\n<p>&nbsp;<\/p>\n<p><strong>III. Allgemeines zur Datenverarbeitung<\/strong><\/p>\n<p><strong>1. Umfang der Verarbeitung personenbezogener Daten<\/strong><\/p>\n<p>Wir verarbeiten personenbezogene Daten unserer Nutzer grunds\u00e4tzlich nur, soweit dies zur Bereitstellung einer funktionsf\u00e4higen Webseite sowie unserer Inhalte und Leistungen erforderlich ist. Die Verarbeitung personenbezogener Daten unserer Nutzer erfolgt regelm\u00e4\u00dfig nur nach Einwilligung des Nutzers. Eine Ausnahme gilt in solchen F\u00e4llen, in denen eine vorherige Einholung einer Einwilligung aus tats\u00e4chlichen Gr\u00fcnden nicht m\u00f6glich ist und die Verarbeitung der Daten durch gesetzliche Vorschriften gestattet ist.<\/p>\n<p><strong>2. Rechtsgrundlage f\u00fcr die Verarbeitung personenbezogener Daten<\/strong><\/p>\n<p>Soweit wir f\u00fcr Verarbeitungsvorg\u00e4nge personenbezogener Daten eine Einwilligung der betroffenen Person einholen, dient Art. 6 Abs. 1 S. 1 lit. a EU-Datenschutzgrundverordnung (DSGVO) als Rechtsgrundlage.<\/p>\n<p>Bei der Verarbeitung von personenbezogenen Daten, die zur Erf\u00fcllung eines Vertrages, dessen Vertragspartei die betroffene Person ist, erforderlich ist, dient Art. 6 Abs. 1 S. 1 lit. b DSGVO als Rechtsgrundlage. Dies gilt auch f\u00fcr Verarbeitungsvorg\u00e4nge, die zur Durchf\u00fchrung vorvertraglicher Ma\u00dfnahmen erforderlich sind.<\/p>\n<p>Soweit eine Verarbeitung personenbezogener Daten zur Erf\u00fcllung einer rechtlichen Verpflichtung erforderlich ist, der unser Unternehmen unterliegt, dient Art. 6 Abs. 1 S. 1 lit. c DSGVO als Rechtsgrundlage.<\/p>\n<p>F\u00fcr den Fall, dass lebenswichtige Interessen der betroffenen Person oder einer anderen nat\u00fcrlichen Person eine Verarbeitung personenbezogener Daten erforderlich machen, dient Art. 6 Abs. 1 S. 1 lit. d DSGVO als Rechtsgrundlage.<\/p>\n<p>Ist die Verarbeitung zur Wahrung eines berechtigten Interesses unseres Unternehmens oder eines Dritten erforderlich und \u00fcberwiegen die Interessen, Grundrechte und Grundfreiheiten des Betroffenen das erstgenannte Interesse nicht, so dient Art. 6 Abs. 1 S. 1 lit. f DSGVO als Rechtsgrundlage f\u00fcr die Verarbeitung.<\/p>\n<p><strong>3. Datenl\u00f6schung und Speicherdauer<\/strong><\/p>\n<p>Die personenbezogenen Daten der betroffenen Person werden gel\u00f6scht oder gesperrt, sobald der Zweck der Speicherung entf\u00e4llt. Eine Speicherung kann dar\u00fcber hinaus erfolgen, wenn dies durch den europ\u00e4ischen oder nationalen Gesetzgeber in unionsrechtlichen Verordnungen, Gesetzen oder sonstigen Vorschriften, denen der Verantwortliche unterliegt, vorgesehen wurde. Eine Sperrung oder L\u00f6schung der Daten erfolgt auch dann, wenn eine durch die genannten Normen vorgeschriebene Speicherfrist abl\u00e4uft, es sei denn, dass eine Erforderlichkeit zur weiteren Speicherung der Daten f\u00fcr einen Vertragsabschluss oder eine Vertragserf\u00fcllung besteht.<\/p>\n<p><strong>IV. Rechte der betroffenen Person<\/strong><\/p>\n<p>Werden personenbezogene Daten von Ihnen verarbeitet, sind Sie Betroffener i.S.d. DSGVO und es stehen Ihnen folgende Rechte gegen\u00fcber dem Verantwortlichen zu:<\/p>\n<p><strong>1. Auskunftsrecht<\/strong><\/p>\n<p>Sie k\u00f6nnen von dem Verantwortlichen eine Best\u00e4tigung dar\u00fcber verlangen, ob personenbezogene Daten, die Sie betreffen, von uns verarbeitet werden.<\/p>\n<p>Liegt eine solche Verarbeitung vor, k\u00f6nnen Sie von dem Verantwortlichen \u00fcber folgende Informationen Auskunft verlangen:<\/p>\n<p>die Zwecke, zu denen die personenbezogenen Daten verarbeitet werden;<\/p>\n<p>die Kategorien von personenbezogenen Daten, welche verarbeitet werden;<\/p>\n<p>die Empf\u00e4nger bzw. die Kategorien von Empf\u00e4ngern, gegen\u00fcber denen die Sie betreffenden personenbezogenen Daten offengelegt wurden noch offengelegt werden;<\/p>\n<p>die geplante Dauer der Speicherung der Sie betreffenden personenbezogenen Daten oder, falls konkrete Angaben hierzu nicht m\u00f6glich sind, Kriterien f\u00fcr die Festlegung der Speicherdauer;<\/p>\n<p>das Bestehen eines Rechts auf Berichtigung oder L\u00f6schung der Sie betreffenden personenbezogenen Daten, eines Rechts auf Einschr\u00e4nkung der Verarbeitung durch den Verantwortlichen oder eines Widerspruchsrechts gegen diese Verarbeitung;<\/p>\n<p>das Bestehen eines Beschwerderechts bei einer Aufsichtsbeh\u00f6rde;<\/p>\n<p>alle verf\u00fcgbaren Informationen \u00fcber die Herkunft der Daten, wenn die personenbezogenen Daten nicht bei der betroffenen Person erhoben werden;<\/p>\n<p>das Bestehen einer automatisierten Entscheidungsfindung einschlie\u00dflich Profiling gem\u00e4\u00df Art. 22 Abs. 1 und 4 DSGVO und \u2013 zumindest in diesen F\u00e4llen \u2013 aussagekr\u00e4ftige Informationen \u00fcber die involvierte Logik sowie die Tragweite und die angestrebten Auswirkungen einer derartigen Verarbeitung f\u00fcr die betroffene Person.<\/p>\n<p>Ihnen steht das Recht zu, Auskunft dar\u00fcber zu verlangen, ob die Sie betreffenden personenbezogenen Daten in ein Drittland oder an eine internationale Organisation \u00fcbermittelt werden. In diesem Zusammenhang k\u00f6nnen Sie verlangen, \u00fcber die geeigneten Garantien gem. Art. 46 DSGVO im Zusammenhang mit der \u00dcbermittlung unterrichtet zu werden.<\/p>\n<p><strong>2. Recht auf Berichtigung<\/strong><\/p>\n<p>Sie haben ein Recht auf Berichtigung und\/oder Vervollst\u00e4ndigung gegen\u00fcber dem Verantwortlichen, sofern die verarbeiteten personenbezogenen Daten, die Sie betreffen, unrichtig oder unvollst\u00e4ndig sind. Der Verantwortliche hat die Berichtigung unverz\u00fcglich vorzunehmen.<\/p>\n<p><strong>3. Recht auf Einschr\u00e4nkung der Verarbeitung<\/strong><\/p>\n<p>Unter den folgenden Voraussetzungen k\u00f6nnen Sie die Einschr\u00e4nkung der Verarbeitung der Sie betreffenden personenbezogenen Daten verlangen:<\/p>\n<p>wenn Sie die Richtigkeit der Sie betreffenden personenbezogenen Daten f\u00fcr eine Dauer bestreiten, die es dem Verantwortlichen erm\u00f6glicht, die Richtigkeit der personenbezogenen Daten zu \u00fcberpr\u00fcfen;<\/p>\n<p>die Verarbeitung unrechtm\u00e4\u00dfig ist und Sie die L\u00f6schung der personenbezogenen Daten ablehnen und stattdessen die Einschr\u00e4nkung der Nutzung der personenbezogenen Daten verlangen;<\/p>\n<p>der Verantwortliche die personenbezogenen Daten f\u00fcr die Zwecke der Verarbeitung nicht l\u00e4nger ben\u00f6tigt, Sie diese jedoch zur Geltendmachung, Aus\u00fcbung oder Verteidigung von Rechtsanspr\u00fcchen ben\u00f6tigen, oder<\/p>\n<p>wenn Sie Widerspruch gegen die Verarbeitung gem\u00e4\u00df Art. 21 Abs. 1 DSGVO eingelegt haben und noch nicht feststeht, ob die berechtigten Gr\u00fcnde des Verantwortlichen gegen\u00fcber Ihren Gr\u00fcnden \u00fcberwiegen.<\/p>\n<p>Wurde die Verarbeitung der Sie betreffenden personenbezogenen Daten eingeschr\u00e4nkt, d\u00fcrfen diese Daten \u2013 von ihrer Speicherung abgesehen \u2013 nur mit Ihrer Einwilligung oder zur Geltendmachung, Aus\u00fcbung oder Verteidigung von Rechtsanspr\u00fcchen oder zum Schutz der Rechte einer anderen nat\u00fcrlichen oder juristischen Person oder aus Gr\u00fcnden eines wichtigen \u00f6ffentlichen Interesses der Union oder eines Mitgliedstaats verarbeitet werden.<\/p>\n<p>Wurde die Einschr\u00e4nkung der Verarbeitung nach den o.g. Voraussetzungen eingeschr\u00e4nkt, werden Sie von dem Verantwortlichen unterrichtet bevor die Einschr\u00e4nkung aufgehoben wird.<\/p>\n<p><strong>4. Recht auf L\u00f6schung<\/strong><\/p>\n<p><strong>a) L\u00f6schungspflicht<\/strong><\/p>\n<p>Sie k\u00f6nnen von dem Verantwortlichen verlangen, dass die Sie betreffenden personenbezogenen Daten unverz\u00fcglich gel\u00f6scht werden, und der Verantwortliche ist verpflichtet, diese Daten unverz\u00fcglich zu l\u00f6schen, sofern einer der folgenden Gr\u00fcnde zutrifft:<\/p>\n<p>Die Sie betreffenden personenbezogenen Daten sind f\u00fcr die Zwecke, f\u00fcr die sie erhoben oder auf sonstige Weise verarbeitet wurden, nicht mehr notwendig.<\/p>\n<p>Sie widerrufen Ihre Einwilligung, auf die sich die Verarbeitung gem. Art. 6 Abs. 1 S. 1 lit. a oder Art. 9 Abs. 2 lit. a DSGVO st\u00fctzte, und es fehlt an einer anderweitigen Rechtsgrundlage f\u00fcr die Verarbeitung.<\/p>\n<p>Sie legen gem. Art. 21 Abs. 1 DSGVO Widerspruch gegen die Verarbeitung ein und es liegen keine vorrangigen berechtigten Gr\u00fcnde f\u00fcr die Verarbeitung vor, oder Sie legen gem. Art. 21 Abs. 2 DSGVO Widerspruch gegen die Verarbeitung ein.<\/p>\n<p>Die Sie betreffenden personenbezogenen Daten wurden unrechtm\u00e4\u00dfig verarbeitet.<\/p>\n<p>Die L\u00f6schung der Sie betreffenden personenbezogenen Daten ist zur Erf\u00fcllung einer rechtlichen Verpflichtung nach dem Unionsrecht oder dem Recht der Mitgliedstaaten erforderlich, dem der Verantwortliche unterliegt.<\/p>\n<p>Die Sie betreffenden personenbezogenen Daten wurden in Bezug auf angebotene Dienste der Informationsgesellschaft gem\u00e4\u00df Art. 8 Abs. 1 DSGVO erhoben.<\/p>\n<p><strong>b) Information an Dritte<\/strong><\/p>\n<p>Hat der Verantwortliche die Sie betreffenden personenbezogenen Daten \u00f6ffentlich gemacht und ist er gem. Art. 17 Abs. 1 DSGVO zu deren L\u00f6schung verpflichtet, so trifft er unter Ber\u00fccksichtigung der verf\u00fcgbaren Technologie und der Implementierungskosten angemessene Ma\u00dfnahmen, auch technischer Art, um f\u00fcr die Datenverarbeitung Verantwortliche, die die personenbezogenen Daten verarbeiten, dar\u00fcber zu informieren, dass Sie als betroffene Person von ihnen die L\u00f6schung aller Links zu diesen personenbezogenen Daten oder von Kopien oder Replikationen dieser personenbezogenen Daten verlangt haben.<\/p>\n<p><strong>c) Ausnahmen<\/strong><\/p>\n<p>Das Recht auf L\u00f6schung besteht nicht, soweit die Verarbeitung erforderlich ist<\/p>\n<p>zur Aus\u00fcbung des Rechts auf freie Meinungs\u00e4u\u00dferung und Information;<\/p>\n<p>zur Erf\u00fcllung einer rechtlichen Verpflichtung, die die Verarbeitung nach dem Recht der Union oder der Mitgliedstaaten, dem der Verantwortliche unterliegt, erfordert, oder zur Wahrnehmung einer Aufgabe, die im \u00f6ffentlichen Interesse liegt oder in Aus\u00fcbung \u00f6ffentlicher Gewalt erfolgt, die dem Verantwortlichen \u00fcbertragen wurde;<\/p>\n<p>aus Gr\u00fcnden des \u00f6ffentlichen Interesses im Bereich der \u00f6ffentlichen Gesundheit gem\u00e4\u00df Art. 9 Abs. 2 lit. h und i sowie Art. 9 Abs. 3 DSGVO;<\/p>\n<p>f\u00fcr im \u00f6ffentlichen Interesse liegende Archivzwecke, wissenschaftliche oder historische Forschungszwecke oder f\u00fcr statistische Zwecke gem. Art. 89 Abs. 1 DSGVO, soweit das unter Abschnitt a) genannte Recht voraussichtlich die Verwirklichung der Ziele dieser Verarbeitung unm\u00f6glich macht oder ernsthaft beeintr\u00e4chtigt, oder<\/p>\n<p>zur Geltendmachung, Aus\u00fcbung oder Verteidigung von Rechtsanspr\u00fcchen.<\/p>\n<p><strong>5. Recht auf Unterrichtung<\/strong><\/p>\n<p>Haben Sie das Recht auf Berichtigung, L\u00f6schung oder Einschr\u00e4nkung der Verarbeitung gegen\u00fcber dem Verantwortlichen geltend gemacht, ist dieser verpflichtet, allen Empf\u00e4ngern, denen die Sie betreffenden personenbezogenen Daten offengelegt wurden, diese Berichtigung oder L\u00f6schung der Daten oder Einschr\u00e4nkung der Verarbeitung mitzuteilen, es sei denn, dies erweist sich als unm\u00f6glich oder ist mit einem unverh\u00e4ltnism\u00e4\u00dfigen Aufwand verbunden.<\/p>\n<p>Ihnen steht gegen\u00fcber dem Verantwortlichen das Recht zu, \u00fcber diese Empf\u00e4nger unterrichtet zu werden.<\/p>\n<p><strong>6. Recht auf Daten\u00fcbertragbarkeit<\/strong><\/p>\n<p>Sie haben das Recht, die Sie betreffenden personenbezogenen Daten, die Sie dem Verantwortlichen bereitgestellt haben, in einem strukturierten, g\u00e4ngigen und maschinenlesbaren Format zu erhalten. Au\u00dferdem haben Sie das Recht diese Daten einem anderen Verantwortlichen ohne Behinderung durch den Verantwortlichen, dem die personenbezogenen Daten bereitgestellt wurden, zu \u00fcbermitteln, sofern<\/p>\n<p>die Verarbeitung auf einer Einwilligung gem. Art. 6 Abs. 1 S. 1 lit. a DSGVO oder Art. 9 Abs. 2 lit. a DSGVO oder auf einem Vertrag gem. Art. 6 Abs. 1 S. 1 lit. b DSGVO beruht und<\/p>\n<p>die Verarbeitung mithilfe automatisierter Verfahren erfolgt.<\/p>\n<p>In Aus\u00fcbung dieses Rechts haben Sie ferner das Recht, zu erwirken, dass die Sie betreffenden personenbezogenen Daten direkt von einem Verantwortlichen einem anderen Verantwortlichen \u00fcbermittelt werden, soweit dies technisch machbar ist. Freiheiten und Rechte anderer Personen d\u00fcrfen hierdurch nicht beeintr\u00e4chtigt werden.<\/p>\n<p>Das Recht auf Daten\u00fcbertragbarkeit gilt nicht f\u00fcr eine Verarbeitung personenbezogener Daten, die f\u00fcr die Wahrnehmung einer Aufgabe erforderlich ist, die im \u00f6ffentlichen Interesse liegt oder in Aus\u00fcbung \u00f6ffentlicher Gewalt erfolgt, die dem Verantwortlichen \u00fcbertragen wurde.<\/p>\n<p><strong>7. Widerspruchsrecht<\/strong><\/p>\n<p>Sie haben das Recht, aus Gr\u00fcnden, die sich aus ihrer besonderen Situation ergeben, jederzeit gegen die Verarbeitung der Sie betreffenden personenbezogenen Daten, die aufgrund von Art. 6 Abs. 1 S. 1 lit. e oder f DSGVO erfolgt, Widerspruch einzulegen; dies gilt auch f\u00fcr ein auf diese Bestimmungen gest\u00fctztes Profiling.<\/p>\n<p>Der Verantwortliche verarbeitet die Sie betreffenden personenbezogenen Daten nicht mehr, es sei denn, er kann zwingende schutzw\u00fcrdige Gr\u00fcnde f\u00fcr die Verarbeitung nachweisen, die Ihre Interessen, Rechte und Freiheiten \u00fcberwiegen, oder die Verarbeitung dient der Geltendmachung, Aus\u00fcbung oder Verteidigung von Rechtsanspr\u00fcchen.<\/p>\n<p>Werden die Sie betreffenden personenbezogenen Daten verarbeitet, um Direktwerbung zu betreiben, haben Sie das Recht, jederzeit Widerspruch gegen die Verarbeitung der Sie betreffenden personenbezogenen Daten zum Zwecke derartiger Werbung einzulegen; dies gilt auch f\u00fcr das Profiling, soweit es mit solcher Direktwerbung in Verbindung steht.<\/p>\n<p>Widersprechen Sie der Verarbeitung f\u00fcr Zwecke der Direktwerbung, so werden die Sie betreffenden personenbezogenen Daten nicht mehr f\u00fcr diese Zwecke verarbeitet.<\/p>\n<p>Sie haben die M\u00f6glichkeit, im Zusammenhang mit der Nutzung von Diensten der Informationsgesellschaft \u2013 ungeachtet der Richtlinie 2002\/58\/EG \u2013 Ihr Widerspruchsrecht mittels automatisierter Verfahren auszu\u00fcben, bei denen technische Spezifikationen verwendet werden.<\/p>\n<p><strong>8. Recht auf Widerruf der datenschutzrechtlichen Einwilligungserkl\u00e4rung<\/strong><\/p>\n<p>Sie haben das Recht, Ihre datenschutzrechtliche Einwilligungserkl\u00e4rung jederzeit zu widerrufen. Durch den Widerruf der Einwilligung wird die Rechtm\u00e4\u00dfigkeit der aufgrund der Einwilligung bis zum Widerruf erfolgten Verarbeitung nicht ber\u00fchrt.<\/p>\n<p><strong>9. Automatisierte Entscheidung im Einzelfall einschlie\u00dflich Profiling<\/strong><\/p>\n<p>Sie haben das Recht, nicht einer ausschlie\u00dflich auf einer automatisierten Verarbeitung \u2013 einschlie\u00dflich Profiling \u2013 beruhenden Entscheidung unterworfen zu werden, die Ihnen gegen\u00fcber rechtliche Wirkung entfaltet oder Sie in \u00e4hnlicher Weise erheblich beeintr\u00e4chtigt. Dies gilt nicht, wenn die Entscheidung<\/p>\n<p>f\u00fcr den Abschluss oder die Erf\u00fcllung eines Vertrags zwischen Ihnen und dem Verantwortlichen erforderlich ist,<\/p>\n<p>aufgrund von Rechtsvorschriften der Union oder der Mitgliedstaaten, denen der Verantwortliche unterliegt, zul\u00e4ssig ist und diese Rechtsvorschriften angemessene Ma\u00dfnahmen zur Wahrung Ihrer Rechte und Freiheiten sowie Ihrer berechtigten Interessen enthalten oder<\/p>\n<p>mit Ihrer ausdr\u00fccklichen Einwilligung erfolgt.<\/p>\n<p>Allerdings d\u00fcrfen diese Entscheidungen nicht auf besonderen Kategorien personenbezogener Daten nach Art. 9 Abs. 1 DSGVO beruhen, sofern nicht Art. 9 Abs. 2 lit. a oder g DSGVO gilt und angemessene Ma\u00dfnahmen zum Schutz der Rechte und Freiheiten sowie Ihrer berechtigten Interessen getroffen wurden.<\/p>\n<p>Hinsichtlich der in (1) und (3) genannten F\u00e4lle trifft der Verantwortliche angemessene Ma\u00dfnahmen, um die Rechte und Freiheiten sowie Ihre berechtigten Interessen zu wahren, wozu mindestens das Recht auf Erwirkung des Eingreifens einer Person seitens des Verantwortlichen, auf Darlegung des eigenen Standpunkts und auf Anfechtung der Entscheidung geh\u00f6rt.<\/p>\n<p><strong>10. Recht auf Beschwerde bei einer Aufsichtsbeh\u00f6rde<\/strong><\/p>\n<p>Unbeschadet eines anderweitigen verwaltungsrechtlichen oder gerichtlichen Rechtsbehelfs steht Ihnen das Recht auf Beschwerde bei einer Aufsichtsbeh\u00f6rde, insbesondere in dem Mitgliedstaat ihres Aufenthaltsorts, ihres Arbeitsplatzes oder des Orts des mutma\u00dflichen Versto\u00dfes, zu, wenn Sie der Ansicht sind, dass die Verarbeitung der Sie betreffenden personenbezogenen Daten gegen die DSGVO verst\u00f6\u00dft.<\/p>\n<p>Die Aufsichtsbeh\u00f6rde, bei der die Beschwerde eingereicht wurde, unterrichtet den Beschwerdef\u00fchrer \u00fcber den Stand und die Ergebnisse der Beschwerde einschlie\u00dflich der M\u00f6glichkeit eines gerichtlichen Rechtsbehelfs nach Art. 78 DSGVO.<\/p>\n<p><strong>V. Bereitstellung der Webseite und Erstellung von Logfiles<\/strong><\/p>\n<p><strong>1. Beschreibung und Umfang der Datenverarbeitung<\/strong><\/p>\n<p>Bei jedem Aufruf unserer Internetseite erfasst unser System automatisiert Daten und Informationen vom Computersystem des aufrufenden Rechners.<\/p>\n<p>Folgende Daten werden hierbei erhoben:<\/p>\n<p>Informationen \u00fcber den Browsertyp und die verwendete Version<\/p>\n<p>Die IP-Adresse des Nutzers<\/p>\n<p>Datum und Uhrzeit des Zugriffs<\/p>\n<p>Webseiten, die vom System des Nutzers \u00fcber unsere Webseite aufgerufen werden<\/p>\n<p>Die Daten werden ebenfalls in den Logfiles unseres Systems gespeichert. Eine Speicherung dieser Daten zusammen mit anderen personenbezogenen Daten des Nutzers findet nicht statt.<\/p>\n<p><strong>2. Rechtsgrundlage f\u00fcr die Datenverarbeitung<\/strong><\/p>\n<p>Rechtsgrundlage f\u00fcr die vor\u00fcbergehende Speicherung der Daten und der Logfiles ist Art. 6 Abs. 1 S. 1 lit. f DSGVO.<\/p>\n<p><strong>3. Zweck der Datenverarbeitung<\/strong><\/p>\n<p>Die vor\u00fcbergehende Speicherung der IP-Adresse durch das System ist notwendig, um eine Auslieferung der Webseite an den Rechner des Nutzers zu erm\u00f6glichen. Hierf\u00fcr muss die IP-Adresse des Nutzers f\u00fcr die Dauer der Sitzung gespeichert bleiben.<\/p>\n<p>Die Speicherung in Logfiles erfolgt, um die Funktionsf\u00e4higkeit der Webseite sicherzustellen. Zudem dienen uns die Daten zur Optimierung der Webseite und zur Sicherstellung der Sicherheit unserer informationstechnischen Systeme. Eine Auswertung der Daten zu Marketingzwecken findet in diesem Zusammenhang nicht statt.<\/p>\n<p>In diesen Zwecken liegt auch unser berechtigtes Interesse an der Datenverarbeitung nach Art. 6 Abs. 1 S. 1 lit. f DSGVO.<\/p>\n<p><strong>4. Dauer der Speicherung<\/strong><\/p>\n<p>Die Daten werden gel\u00f6scht, sobald sie f\u00fcr die Erreichung des Zweckes ihrer Erhebung nicht mehr erforderlich sind. Im Falle der Erfassung der Daten zur Bereitstellung der Webseite ist dies der Fall, wenn die jeweilige Sitzung beendet ist.<\/p>\n<p>Im Falle der Speicherung der Daten in Logfiles ist dies nach sp\u00e4testens sieben Tagen der Fall. Eine dar\u00fcberhinausgehende Speicherung ist m\u00f6glich. In diesem Fall werden die IP-Adressen der Nutzer gel\u00f6scht oder verfremdet, sodass eine Zuordnung des aufrufenden Clients nicht mehr m\u00f6glich ist.<\/p>\n<p><strong>5. Widerspruchs- und Beseitigungsm\u00f6glichkeit<\/strong><\/p>\n<p>Die Erfassung der Daten zur Bereitstellung der Webseite und die Speicherung der Daten in Logfiles ist f\u00fcr den Betrieb der Internetseite zwingend erforderlich. Es besteht folglich seitens des Nutzers keine Widerspruchsm\u00f6glichkeit.<\/p>\n<p><strong>VI. Verwendung von Cookies<\/strong><\/p>\n<p><strong>Beschreibung und Umfang der Datenverarbeitung<\/strong><\/p>\n<p>Unsere Webseite verwendet Cookies. Bei Cookies handelt es sich um Textdateien, die im Internetbrowser bzw. vom Internetbrowser auf dem Computersystem des Nutzers gespeichert werden. Ruft ein Nutzer eine Webseite auf, so kann ein Cookie auf dem Betriebssystem des Nutzers gespeichert werden. Dieser Cookie enth\u00e4lt eine charakteristische Zeichenfolge, die eine eindeutige Identifizierung des Browsers beim erneuten Aufrufen der Webseite erm\u00f6glicht.<\/p>\n<p>Wir setzen Cookies ein, um unsere Webseite nutzerfreundlicher zu gestalten. Einige Elemente unserer Internetseite erfordern es, dass der aufrufende Browser auch nach einem Seitenwechsel identifiziert werden kann.<br \/>\nIn den Cookies werden dabei folgende Daten gespeichert und \u00fcbermittelt:<\/p>\n<p>Spracheinstellungen<\/p>\n<p><strong>Rechtsgrundlage f\u00fcr die Datenverarbeitung<\/strong><\/p>\n<p>Die Rechtsgrundlage f\u00fcr die Verarbeitung personenbezogener Daten unter Verwendung von Cookies ist Art. 6 Abs. 1 S. 1 lit. f DSGVO.<\/p>\n<p><strong>Zweck der Datenverarbeitung<\/strong><\/p>\n<p>Der Zweck der Verwendung technisch notwendiger Cookies ist, die Nutzung von Webseiten f\u00fcr die Nutzer zu vereinfachen. Einige Funktionen unserer Internetseite k\u00f6nnen ohne den Einsatz von Cookies nicht angeboten werden. F\u00fcr diese ist es erforderlich, dass der Browser auch nach einem Seitenwechsel wiedererkannt wird.<\/p>\n<p>F\u00fcr folgende Anwendungen ben\u00f6tigen wir Cookies:<\/p>\n<p>\u00dcbernahme von Spracheinstellungen<\/p>\n<p>Die durch technisch notwendige Cookies erhobenen Nutzerdaten werden nicht zur Erstellung von Nutzerprofilen verwendet.<\/p>\n<p>In diesen Zwecken liegt auch unser berechtigtes Interesse in der Verarbeitung der personenbezogenen Daten nach Art. 6 Abs. 1 S. 1 lit. f DSGVO.<\/p>\n<p><strong>Dauer der Speicherung, Widerspruchs- und Beseitigungsm\u00f6glichkeit<\/strong><\/p>\n<p>Cookies werden auf dem Rechner des Nutzers gespeichert und von diesem an unserer Seite \u00fcbermittelt. Daher haben Sie als Nutzer auch die volle Kontrolle \u00fcber die Verwendung von Cookies. Durch eine \u00c4nderung der Einstellungen in Ihrem Internetbrowser k\u00f6nnen Sie die \u00dcbertragung von Cookies deaktivieren oder einschr\u00e4nken. Bereits gespeicherte Cookies k\u00f6nnen jederzeit gel\u00f6scht werden. Dies kann auch automatisiert erfolgen. Werden Cookies f\u00fcr unsere Webseite deaktiviert, k\u00f6nnen m\u00f6glicherweise nicht mehr alle Funktionen der Webseite vollumf\u00e4nglich genutzt werden.<\/p>\n<p><strong>VII. Registrierung<\/strong><\/p>\n<p><strong>1. Beschreibung und Umfang der Datenverarbeitung<\/strong><\/p>\n<p>Auf unserer Internetseite bieten wir Nutzern die M\u00f6glichkeit, sich unter Angabe personenbezogener Daten zu registrieren. Die Daten werden dabei in eine Eingabemaske eingegeben und an uns \u00fcbermittelt und gespeichert. Eine Weitergabe der Daten an Dritte findet nicht statt. Folgende Daten werden im Rahmen des Registrierungsprozesses erhoben:<\/p>\n<p>Email-Adresse<\/p>\n<p>Name<\/p>\n<p>Vorname<\/p>\n<p>Adresse<\/p>\n<p>Telefon-\/Handynummer<\/p>\n<p>IP-Adresse des aufrufenden Rechners<\/p>\n<p>Datum und Uhrzeit der Registrierung<\/p>\n<p>Alle Daten f\u00fcr das Casting<\/p>\n<p>Im Rahmen des Registrierungsprozesses wird eine Einwilligung des Nutzers zur Verarbeitung dieser Daten eingeholt.<\/p>\n<p><strong>2. Rechtsgrundlage f\u00fcr die Datenverarbeitung<\/strong><\/p>\n<p>Rechtsgrundlage f\u00fcr die Verarbeitung der Daten ist bei Vorliegen einer Einwilligung des Nutzers Art. 6 Abs. 1 S. 1 lit. a DSGVO.<\/p>\n<p>Dient die Registrierung der Erf\u00fcllung eines Vertrages, dessen Vertragspartei der Nutzer ist oder der Durchf\u00fchrung vorvertraglicher Ma\u00dfnahmen, so ist zus\u00e4tzliche Rechtsgrundlage f\u00fcr die Verarbeitung der Daten Art. 6 Abs. 1 S. 1 lit. b DSGVO.<\/p>\n<p><strong>3. Zweck der Datenverarbeitung<\/strong><\/p>\n<p>Eine Registrierung des Nutzers ist f\u00fcr das Bereithalten bestimmter Inhalte und Leistungen auf unserer Webseite erforderlich.<\/p>\n<p>Eine Registrierung des Nutzers ist zur Erf\u00fcllung eines Vertrages mit dem Nutzer oder zur Durchf\u00fchrung vorvertraglicher Ma\u00dfnahmen erforderlich.<\/p>\n<p>Ohne Aufnahme in die Castingdatenbank ist keine Kontaktaufnahme m\u00f6glich.<\/p>\n<p><strong>4. Dauer der Speicherung<\/strong><\/p>\n<p>Die Daten werden gel\u00f6scht, sobald sie f\u00fcr die Erreichung des Zweckes ihrer Erhebung nicht mehr erforderlich sind.<\/p>\n<p>Dies ist f\u00fcr die w\u00e4hrend des Registrierungsvorgangs erhobenen Daten der Fall, wenn die Registrierung auf unserer Internetseite aufgehoben oder abge\u00e4ndert wird.<\/p>\n<p>Dies ist f\u00fcr die w\u00e4hrend des Registrierungsvorgangs zur Erf\u00fcllung eines Vertrags oder zur Durchf\u00fchrung vorvertraglicher Ma\u00dfnahmen dann der Fall, wenn die Daten f\u00fcr die Durchf\u00fchrung des Vertrages nicht mehr erforderlich sind. Auch nach Abschluss des Vertrags kann eine Erforderlichkeit, personenbezogene Daten des Vertragspartners zu speichern, bestehen, um vertraglichen oder gesetzlichen Verpflichtungen nachzukommen.<\/p>\n<p><strong>5. Widerspruchs- und Beseitigungsm\u00f6glichkeit<\/strong><\/p>\n<p>Als Nutzer haben sie jederzeit die M\u00f6glichkeit, die Registrierung aufzul\u00f6sen. Die \u00fcber Sie gespeicherten Daten k\u00f6nnen Sie jederzeit ab\u00e4ndern lassen.<\/p>\n<p>Sind die Daten zur Erf\u00fcllung eines Vertrages oder zur Durchf\u00fchrung vorvertraglicher Ma\u00dfnahmen erforderlich, ist eine vorzeitige L\u00f6schung der Daten nur m\u00f6glich, soweit nicht vertragliche oder gesetzliche Verpflichtungen einer L\u00f6schung entgegenstehen.<\/p>\n<p><strong>VIII. Email-Kontakt<\/strong><\/p>\n<p><strong>1. Beschreibung und Umfang der Datenverarbeitung<\/strong><\/p>\n<p>Auf unserer Internetseite ist eine Kontaktaufnahme \u00fcber die bereitgestellte Email-Adresse m\u00f6glich. In diesem Fall werden die mit der Email \u00fcbermittelten personenbezogenen Daten des Nutzers gespeichert.<\/p>\n<p>Es erfolgt in diesem Zusammenhang keine Weitergabe der Daten an Dritte. Die Daten werden ausschlie\u00dflich f\u00fcr die Verarbeitung der Konversation verwendet.<\/p>\n<p><strong>1. Rechtsgrundlage f\u00fcr die Datenverarbeitung<\/strong><\/p>\n<p>Rechtsgrundlage f\u00fcr die Verarbeitung der Daten ist bei Vorliegen einer Einwilligung des Nutzers Art. 6 Abs. 1 lit. a DSGVO.<\/p>\n<p>Rechtsgrundlage f\u00fcr die Verarbeitung der Daten, die im Zuge einer \u00dcbersendung einer Email \u00fcbermittelt werden, ist Art. 6 Abs. 1 lit. f DSGVO. Zielt der Email-Kontakt auf den Abschluss eines Vertrages ab, so ist zus\u00e4tzliche Rechtsgrundlage f\u00fcr die Verarbeitung Art. 6 Abs. 1 lit. b DSGVO.<\/p>\n<p><strong>2. Zweck der Datenverarbeitung<\/strong><\/p>\n<p>Im Falle einer Kontaktaufnahme per Email liegt hieran auch das erforderliche berechtigte Interesse an der Verarbeitung der Daten.<\/p>\n<p>Die sonstigen w\u00e4hrend des Absendevorgangs verarbeiteten personenbezogenen Daten dienen dazu, einen Missbrauch des Kontaktformulars zu verhindern und die Sicherheit unserer informationstechnischen Systeme sicherzustellen.<\/p>\n<p><strong>3. Dauer der Speicherung<\/strong><\/p>\n<p>Die Daten werden gel\u00f6scht, sobald sie f\u00fcr die Erreichung des Zweckes ihrer Erhebung nicht mehr erforderlich sind. F\u00fcr die personenbezogenen Daten, die per Email \u00fcbersandt wurden, ist dies dann der Fall, wenn die jeweilige Konversation mit dem Nutzer beendet ist. Beendet ist die Konversation dann, wenn sich aus den Umst\u00e4nden entnehmen l\u00e4sst, dass der betroffene Sachverhalt abschlie\u00dfend gekl\u00e4rt ist.<\/p>\n<p>Die w\u00e4hrend des Absendevorgangs zus\u00e4tzlich erhobenen personenbezogenen Daten werden sp\u00e4testens nach einer Frist von sieben Tagen gel\u00f6scht.<\/p>\n<p><strong>4. Widerspruchs- und Beseitigungsm\u00f6glichkeit<\/strong><\/p>\n<p>Der Nutzer hat jederzeit die M\u00f6glichkeit, seine Einwilligung zur Verarbeitung der personenbezogenen Daten zu widerrufen. Nimmt der Nutzer per Email Kontakt mit uns auf, so kann er der Speicherung seiner personenbezogenen Daten jederzeit widersprechen. In einem solchen Fall kann die Konversation nicht fortgef\u00fchrt werden.<\/p>\n<p>Alle personenbezogenen Daten, die im Zuge der Kontaktaufnahme gespeichert wurden, werden in diesem Fall gel\u00f6scht.<\/p>\n<p><strong>IX.\u00a0Verwendung von Cookies<\/strong><\/p>\n<p class=\"p2\"><em>1. Beschreibung und Umfang der Datenverarbeitung<\/em><\/p>\n<p>Unsere Webseite verwendet Cookies. Bei Cookies handelt es sich um Textdateien, die im Internetbrowser bzw. vom Internetbrowser auf dem Computersystem des Nutzers gespeichert werden. Ruft ein Nutzer eine Webseite auf, so kann ein Cookie auf dem Betriebssystem des Nutzers gespeichert werden. Dieser Cookie enth\u00e4lt eine charakteristische Zeichenfolge, die eine eindeutige Identifizierung des Browsers beim erneuten Aufrufen der Webseite erm\u00f6glicht<\/p>\n<p class=\"p2\">Wir setzen Cookies ein, um unsere Webseite nutzerfreundlicher zu gestalten. Einige Elemente unserer Internetseite erfordern es, dass der aufrufende Browser auch nach einem Seitenwechsel identifiziert werden kann.<\/p>\n<p class=\"p2\">In die Cookies werden dabei folgende Daten gespeichert und \u00fcbermittelt:<\/p>\n<p>&nbsp;<\/p>\n<ol class=\"ol1\">\n<li style=\"list-style-type: none;\">\n<ul class=\"ul1\">\n<li class=\"li3\">Log-In-Informationen<\/li>\n<li class=\"li4\">Inanspruchnahme von Webseite-Funktionen<\/li>\n<\/ul>\n<\/li>\n<\/ol>\n<p>Die auf diese Weise erhobenen Daten der Nutzer werden durch technische Vorkehrungen pseudonymisiert. Daher ist eine Zuordnung der Daten zum aufrufenden Nutzer nicht mehr m\u00f6glich. Die Daten werden nicht gemeinsam mit sonstigen personenbezogenen Daten der Nutzer gespeichert.<\/p>\n<p class=\"p2\"><em>2. Zweck der Datenverarbeitung<\/em><\/p>\n<p>Der Zweck der Verwendung technisch notwendiger Cookies ist, die Nutzung von Webseiten f\u00fcr die Nutzer zu vereinfachen. Einige Funktionen unserer Internetseite k\u00f6nnen ohne den Einsatz von Cookies nicht angeboten werden. F\u00fcr diese ist es erforderlich, dass der Browser auch nach einem Seitenwechsel wiedererkannt wird.<\/p>\n<p>F\u00fcr folgende Anwendungen ben\u00f6tigen wir Cookies:<\/p>\n<ol class=\"ol1\">\n<li style=\"list-style-type: none;\">\n<ul class=\"ul1\">\n<li class=\"li4\">Unterscheidung von Nutzerkategorien und Berechtigungen<\/li>\n<\/ul>\n<\/li>\n<\/ol>\n<p class=\"p2\">Die durch technisch notwendige Cookies erhobenen Nutzerdaten werden nicht zur Erstellung von Nutzerprofilen verwendet.<\/p>\n<p class=\"p2\"><em>3. Rechtsgrundlage f\u00fcr die Datenverarbeitung<\/em><\/p>\n<p>Die Rechtsgrundlage f\u00fcr die Verarbeitung personenbezogener Daten unter Verwendung technisch notwendiger Cookies ist Art. 6 Abs. 1 S. 1 lit. f DSGVO.<\/p>\n<p class=\"p2\"><em>4. Dauer der Speicherung, Widerspruchs- und Beseitigungsm\u00f6glichkeit<\/em><\/p>\n<p>Cookies werden auf dem Rechner des Nutzers gespeichert und von diesem an unserer Seite \u00fcbermittelt. Daher haben Sie als Nutzer auch die volle Kontrolle \u00fcber die Verwendung von Cookies. Durch eine \u00c4nderung der Einstellungen in Ihrem Internetbrowser k\u00f6nnen Sie die \u00dcbertragung von Cookies deaktivieren oder einschr\u00e4nken. Bereits gespeicherte Cookies k\u00f6nnen jederzeit gel\u00f6scht werden. Dies kann auch automatisiert erfolgen. Werden Cookies f\u00fcr unsere Webseite deaktiviert, k\u00f6nnen m\u00f6glicherweise nicht mehr alle Funktionen der Webseite vollumf\u00e4nglich genutzt werden.<\/p>\n<p>Falls Sie einen Safari-Browser ab Version 12.1 verwenden, werden Cookies nach sieben Tagen automatisch gel\u00f6scht. Dies betrifft auch Opt-Out-Cookies, die zur Verhinderung von Trackingma\u00dfnahmen gesetzt werden.<\/p>\n<p>&nbsp;<\/p>\n<p>&nbsp;<\/p>\n<p><strong>X.\u00a0Verwendung von Google Maps<\/strong><\/p>\n<p>Unsere Webseite verwendet Google Maps zur Darstellung von Karten.<\/p>\n<p>Google Maps wird betrieben von<br \/>\nGoogle Irland Limited<br \/>\nGordon House<br \/>\nBarrow Street<br \/>\nDublin 4<br \/>\nIreland<\/p>\n<p>Durch die Nutzung dieser Webseite erkl\u00e4ren Sie sich mit der Erfassung, Bearbeitung, sowie der Nutzung der automatisch erhobenen sowie der von Ihnen eingegebenen Daten durch Google, einer seiner Vertreter oder Drittanbieter einverstanden.<\/p>\n<p>Die Nutzungsbedingungen f\u00fcr Google Maps finden Sie unter\u00a0<a href=\"https:\/\/www.google.com\/intl\/de_de\/help\/terms_maps.html\">Nutzungsbedingungen f\u00fcr Google Maps<\/a>.<br \/>\nAusf\u00fchrliche Details finden Sie im Datenschutz-Center von <a href=\"http:\/\/google.de\/\">google.de,<\/a>\u00a0<a href=\"https:\/\/policies.google.com\/privacy?hl=de&amp;gl=de\">Transparenz und Wahlm\u00f6glichkeiten<\/a>\u00a0sowie\u00a0<a href=\"https:\/\/policies.google.com\/privacy?hl=de&amp;gl=de\">Datenschutzbestimmungen<\/a>.<\/p>\n<p>&nbsp;<\/p>\n<p>&nbsp;<\/p>\n<p>&nbsp;<\/p>\n<p><strong><span style=\"font-size: 12pt;\">Datenschutzerkl\u00e4rung des Produzenten<\/span><\/strong><\/p>\n<p><strong>1. Definitionen:<\/strong><\/p>\n<p>Personenbezogene Daten sind alle Informationen, die sich auf eine identifizierte oder identifizierbare nat\u00fcrliche Person (im Folgenden \u201eBetroffener\u201c) beziehen. Als identifizierbar wird eine nat\u00fcrliche Person angesehen, die direkt oder indirekt, insbesondere mittels Zuordnung zu einer Kennung, wie einem Namen, zu einer Kennnummer, zu Standortdaten, zu einer Online-Kennung oder zu einem oder mehreren besonderen Merkmalen identifiziert werden kann, die Ausdruck der physischen, physiologischen, genetischen, psychischen, wirtschaftlichen, kulturellen oder sozialen Identit\u00e4t dieser nat\u00fcrlichen Person sind. Verarbeitung ist jeder mit oder ohne Hilfe automatisierter Verfahren ausgef\u00fchrter Vorgang oder jede solche Vorgangsreihe im Zusammenhang mit personenbezogenen Daten, wie das Erheben, das Erfassen, die Organisation, das Ordnen, die Speicherung, die Anpassung oder Ver\u00e4nderung, das Auslesen, das Abfragen, die Verwendung, die Offenlegung durch \u00dcbermittlung, Verbreitung oder eine andere Form der Bereitstellung, den Abgleich oder die Verkn\u00fcpfung, die Einschr\u00e4nkung, das L\u00f6schen oder die Vernichtung. Verantwortlicher ist die nat\u00fcrliche oder juristische Person, Beh\u00f6rde, Einrichtung oder andere Stelle, die allein oder gemeinsam mit anderen \u00fcber die Zwecke und Mittel der Verarbeitung von personenbezogenen Daten entscheidet. Betroffener ist der Arbeitnehmer oder Auftragnehmer, je nachdem, was sich aus dem Hauptvertrag ergibt. Hauptvertrag ist der Vertrag zwischen dem Verantwortlichen und dem Betroffenen bzgl. der Leistungen des Betroffenen i.R.d. Produktion. Produktion ist die im Hauptvertrag sowie ggf. dessen Anlage definierte audiovisuelle Produktion. Einwilligung ist die vom Betroffenen freiwillig f\u00fcr den bestimmten Fall, in informierter Weise und unmissverst\u00e4ndlich abgegebene Willensbekundung in Form einer Erkl\u00e4rung oder einer sonstigen eindeutigen best\u00e4tigenden Handlung, mit welcher der Betroffene zu verstehen gibt, dass er mit der Verarbeitung der ihn betreffenden personenbezogenen Daten einverstanden ist.<\/p>\n<p><strong>2. Verantwortlicher f\u00fcr die Verarbeitung:<\/strong><\/p>\n<p>Produzent.<\/p>\n<p><strong>3. Datenschutzbeauftragter: <\/strong><\/p>\n<p>Dr. Robert Stra\u00dfer,<\/p>\n<p>SVDFJ Rechtsanw\u00e4lte,<\/p>\n<p>Oberanger 30,<\/p>\n<p>80331 M\u00fcnchen,<\/p>\n<p><a href=\"mailto:datenschutz@odeonfiction.com\">datenschutz@odeonfiction.com <\/a><\/p>\n<p><strong>4. Verarbeitungsvorg\u00e4nge: <\/strong><\/p>\n<p>Im Rahmen der Produktion erhebet und verarbeitet der Produzent von Betroffenen an den Produzenten \u00fcbermittelte, personenbezogene Daten und zwar Kontakt -und Adressinformationen, Zahlungsinformationen, Krankenkasse-informationen, Versicherungsinformationen, steuerliche Informationen, von der Person des Betroffenen angefertigtes Film -und Fotomaterial, Produktionsunterlagen und sonstige die Produktion betreffende Korrespondenzen aus denen ein Personenbezug zum Betroffenen erfolgt.<\/p>\n<p><strong>5. Zweck der Verarbeitung ist die Abwicklung des Hauptvertrages sowie die Durchf\u00fchrung und Auswertung der Produktion. <\/strong><\/p>\n<p><strong>6. Rechtsgrundlagen der Datenverarbeitung<\/strong>:<\/p>\n<p>(a) Die Einwilligung des Betroffenen aus dem Hauptvertrag i.S.v. Art. 6 Abs. 1 lit. a) DSGVO; und\/oder<\/p>\n<p>(b) die Erforderlichkeit f\u00fcr die Durchf\u00fchrung des Hauptvertrags i.S.v. Art. 6 Abs. 1 \u00a0lit. b)\u00a0 DSGVO; \u00a0und\/oder<\/p>\n<p>(c) \u00a0die \u00a0Erf\u00fcllung gesetzlicher\u00a0 \u00a0Pflichten\u00a0 \u00a0i.S.v.\u00a0 \u00a0Art. 6 \u00a0Abs. 1 \u00a0lit. c) DSGVO; \u00a0und\/oder<\/p>\n<p>(d) oder die \u00a0berechtigten Interessen des Verantwortlichen i.S.v. Art. 6 Abs. 1 lit. f) DSGVO. \u00a0Die\u00a0 berechtigten \u00a0Interessen ergeben \u00a0sich\u00a0 \u00a0aus \u00a0der \u00a0Durchf\u00fchrung\u00a0 und Abwicklung des Hauptvertrags sowie aus der Herstellung und Auswertung der Produktion.<\/p>\n<p>Der Produzent \u00a0erh\u00e4lt \u00a0die \u00a0Daten\u00a0 vom Betroffenen (einschlie\u00dflich\u00a0 \u00a0\u00fcber \u00a0die\u00a0\u00a0 vom \u00a0Betroffenen verwendeten Ger\u00e4te).<\/p>\n<p><strong>7. Empf\u00e4nger der Daten: <\/strong><\/p>\n<p>F\u00fcr die Produktion eingesetzte Dienstleister,\u00a0\u00a0\u00a0 Konzerngesellschaften des \u00a0Verantwortlichen\u00a0 \u00a0sowie\u00a0\u00a0 verbundene Unternehmen, \u00a0Lizenznehmer,\u00a0 ggf. weitere \u00a0an der Produktion\u00a0\u00a0\u00a0 \u00a0beteiligte\u00a0\u00a0\u00a0\u00a0 Produktionsgesellschaften und \u00a0deren \u00a0Lizenznehmer.\u00a0\u00a0 Eine \u00a0Weitergabe\u00a0 \u00a0von Daten \u00a0an \u00a0Dritte\u00a0\u00a0 erfolgt\u00a0 \u00a0stets \u00a0nur\u00a0 \u00a0im \u00a0rechtlich zul\u00e4ssigen\u00a0 \u00a0Rahmen \u00a0und \u00a0soweit\u00a0\u00a0 f\u00fcr \u00a0die Durchf\u00fchrung der Produktion erforderlich. Sofern und soweit eine Daten\u00fcbertragung in Drittl\u00e4nder au\u00dferhalb der Europ\u00e4ischen Union stattfindet,\u00a0\u00a0\u00a0 \u00a0erfolgt\u00a0\u00a0\u00a0 \u00a0dies\u00a0\u00a0\u00a0 \u00a0auf\u00a0\u00a0\u00a0 der\u00a0\u00a0 \u00a0Grundlage gesetzlich\u00a0 vorgesehener vertraglicher\u00a0 Regelungen, die einen angemessenen Schutz der Daten des Betroffenen sicherstellen \u00a0sollen\u00a0 und die \u00a0der Betroffene auf Anfrage einsehen kann.<\/p>\n<p><strong>8. Speicherdauer: <\/strong><\/p>\n<p>Der Produzent speichert \u00a0die personenbezogenen Daten des Betroffenen nur solange, wie es f\u00fcr die Erreichung des Verarbeitungszweckes\u00a0 \u00a0n\u00f6tig\u00a0\u00a0 ist\u00a0 \u00a0oder \u00a0die Speicherung einer gesetzlichen Aufbewahrungsfrist unterliegt,\u00a0 d.h. \u00a0wenn \u00a0der \u00a0Betroffene \u00a0in die Verarbeitung \u00a0eingewilligt \u00a0hat\u00a0 h\u00f6chstens solange, bis\u00a0\u00a0 der \u00a0Betroffene \u00a0seine\u00a0 \u00a0Einwilligung \u00a0widerruft; wenn der\u00a0 Produzent die \u00a0Daten zur Durchf\u00fchrung eines Vertrags ben\u00f6tigt h\u00f6chstens solange, wie das Vertragsverh\u00e4ltnis\u00a0\u00a0 mit\u00a0\u00a0 dem \u00a0Betroffenen \u00a0besteht oder\u00a0 \u00a0gesetzliche\u00a0\u00a0\u00a0 \u00a0Aufbewahrungsfristen\u00a0\u00a0\u00a0\u00a0 laufen, wenn der Produzent die\u00a0 Daten auf der Grundlage eines berechtigten Interesses verwendet h\u00f6chstens solange,\u00a0\u00a0 wie \u00a0das \u00a0Interesse \u00a0des \u00a0Betroffenen \u00a0an einer \u00a0L\u00f6schung \u00a0oder\u00a0 Anonymisierung \u00a0nicht \u00fcberwiegt.<\/p>\n<p><strong>9. Rechte des Betroffenen: <\/strong><\/p>\n<p>Der Betroffene hat das \u00a0Recht,<\/p>\n<p>a)\u00a0 Auskunft \u00fcber die Verarbeitung seiner Daten<\/p>\n<p>b) den Erhalt einer Kopie seiner personenbezogenen Daten<\/p>\n<p>c) Berichtigung \u00a0seiner Daten. Sollten \u00a0die \u00a0personenbezogenen\u00a0 Daten des Betroffenen unvollst\u00e4ndig sein, so hat er, unter Ber\u00fccksichtigung der Verarbeitungszwecke, das Recht, die Daten zu vervollst\u00e4ndigen, seine Daten l\u00f6schen \u00a0oder sperren \u00a0zu lassen, \u00a0die\u00a0 Verarbeitung einschr\u00e4nken zu lassen, der Verarbeitung seiner Daten zu widersprechen, seine Einwilligung zur Verarbeitung seiner Daten f\u00fcr die Zukunft zu widerrufen und sich bei der zust\u00e4ndigen Aufsichtsbeh\u00f6rde \u00fcber eine unzul\u00e4ssige Datenverarbeitung zu beschweren. Soweit dies bei der Erhebung nicht ausdr\u00fccklich angegeben \u00a0ist,\u00a0\u00a0 ist\u00a0 \u00a0die\u00a0\u00a0 Bereitstellung \u00a0von \u00a0Daten nicht erforderlich oder verpflichtend. Eine solche Verpflichtung kann sich aus gesetzlichen Vorgaben oder vertraglichen Regelungen ergeben.<\/p>\n<p>&nbsp;<\/p>\n<p>Stand: November 2021<\/p>\n<p><!-- \/wp heading -->","protected":false},"excerpt":{"rendered":"<p>Datenschutzerkl\u00e4rung I. Name und Anschrift des Verantwortlichen Der Verantwortliche im Sinne der Datenschutz-Grundverordnung und anderer nationaler Datenschutzgesetze der Mitgliedstaaten sowie sonstiger datenschutzrechtlicher Bestimmungen ist die: Odeon Fiction GmbH Taunusstra\u00dfe 21 80807 M\u00fcnchen Deutschland Tel.: +49 (0)89 999 513 &#8211; 500 Email: mail@odeonfiction.com Webseite: www.odeonfiction.com II. Name und Anschrift des Datenschutzbeauftragten Der externe Datenschutzbeauftragte des Verantwortlichen ist: Dr. Robert Stra\u00dfer SVDFJ &#8230;<\/p>\n","protected":false},"author":1,"featured_media":0,"parent":0,"menu_order":0,"comment_status":"closed","ping_status":"closed","template":"","meta":{"footnotes":""},"class_list":["post-3","page","type-page","status-publish","hentry","no-post-thumbnail"],"_links":{"self":[{"href":"https:\/\/www.odeonfiction.com\/en\/wp-json\/wp\/v2\/pages\/3","targetHints":{"allow":["GET"]}}],"collection":[{"href":"https:\/\/www.odeonfiction.com\/en\/wp-json\/wp\/v2\/pages"}],"about":[{"href":"https:\/\/www.odeonfiction.com\/en\/wp-json\/wp\/v2\/types\/page"}],"author":[{"embeddable":true,"href":"https:\/\/www.odeonfiction.com\/en\/wp-json\/wp\/v2\/users\/1"}],"replies":[{"embeddable":true,"href":"https:\/\/www.odeonfiction.com\/en\/wp-json\/wp\/v2\/comments?post=3"}],"version-history":[{"count":11,"href":"https:\/\/www.odeonfiction.com\/en\/wp-json\/wp\/v2\/pages\/3\/revisions"}],"predecessor-version":[{"id":2440,"href":"https:\/\/www.odeonfiction.com\/en\/wp-json\/wp\/v2\/pages\/3\/revisions\/2440"}],"wp:attachment":[{"href":"https:\/\/www.odeonfiction.com\/en\/wp-json\/wp\/v2\/media?parent=3"}],"curies":[{"name":"wp","href":"https:\/\/api.w.org\/{rel}","templated":true}]}}